{"id":1983,"date":"2023-11-15T21:09:14","date_gmt":"2023-11-15T20:09:14","guid":{"rendered":"https:\/\/www.vdecav.sk\/diakonia\/?page_id=1983"},"modified":"2026-02-05T14:08:25","modified_gmt":"2026-02-05T13:08:25","slug":"darujte-2-z-dane","status":"publish","type":"page","link":"https:\/\/www.vdecav.sk\/diakonia\/index.php\/darujte-2-z-dane\/","title":{"rendered":"Darujte 2% z dane"},"content":{"rendered":"\t\t<div data-elementor-type=\"wp-page\" data-elementor-id=\"1983\" class=\"elementor elementor-1983\">\n\t\t\t\t\t\t<section class=\"elementor-section elementor-top-section elementor-element elementor-element-8f4d88c elementor-section-height-min-height elementor-section-boxed elementor-section-height-default elementor-section-items-middle\" data-id=\"8f4d88c\" data-element_type=\"section\" data-settings=\"{&quot;background_background&quot;:&quot;classic&quot;}\">\n\t\t\t\t\t\t<div class=\"elementor-container elementor-column-gap-default\">\n\t\t\t\t\t<div class=\"elementor-column elementor-col-100 elementor-top-column elementor-element elementor-element-f22d2b1\" data-id=\"f22d2b1\" data-element_type=\"column\">\n\t\t\t<div class=\"elementor-widget-wrap elementor-element-populated\">\n\t\t\t\t\t\t<div class=\"elementor-element elementor-element-6ccdae2 elementor-widget elementor-widget-page-title\" data-id=\"6ccdae2\" data-element_type=\"widget\" data-widget_type=\"page-title.default\">\n\t\t\t\t<div class=\"elementor-widget-container\">\n\t\t\t\t\t\t\t\n\t\t<div class=\"hfe-page-title hfe-page-title-wrapper elementor-widget-heading\">\n\n\t\t\t\t\t\t\t\t\t\t\t<a href=\"https:\/\/www.vdecav.sk\/diakonia\">\n\t\t\t\t\t\t<h2 class=\"elementor-heading-title elementor-size-default\">\n\t\t\t\t\t\t\t\t\n\t\t\t\tDarujte 2% z dane  \n\t\t\t<\/h2 > \n\t\t\t\t\t\t\t\t\t<\/a>\n\t\t\t\t\t<\/div>\n\t\t\t\t\t\t<\/div>\n\t\t\t\t<\/div>\n\t\t\t\t\t<\/div>\n\t\t<\/div>\n\t\t\t\t\t<\/div>\n\t\t<\/section>\n\t\t\t\t<section class=\"elementor-section elementor-top-section elementor-element elementor-element-3368afc elementor-section-boxed elementor-section-height-default elementor-section-height-default\" data-id=\"3368afc\" data-element_type=\"section\">\n\t\t\t\t\t\t<div class=\"elementor-container elementor-column-gap-default\">\n\t\t\t\t\t<div class=\"elementor-column elementor-col-50 elementor-top-column elementor-element elementor-element-e2ee977\" data-id=\"e2ee977\" data-element_type=\"column\">\n\t\t\t<div class=\"elementor-widget-wrap elementor-element-populated\">\n\t\t\t\t\t\t<div class=\"elementor-element elementor-element-b1f05d0 elementor-widget elementor-widget-text-editor\" data-id=\"b1f05d0\" data-element_type=\"widget\" data-widget_type=\"text-editor.default\">\n\t\t\t\t<div class=\"elementor-widget-container\">\n\t\t\t\t\t\t\t\t\t<p>V Elime sa sna\u017e\u00edme neust\u00e1le zlep\u0161ova\u0165 na\u0161e slu\u017eby a spr\u00edjem\u0148ova\u0165 \u017eivot na\u0161im prij\u00edmate\u013eom. Je to mo\u017en\u00e9 aj v\u010faka Va\u0161im pr\u00edspevkom. Budeme radi, ak na\u0161u pr\u00e1cu podpor\u00edte darovan\u00edm 2% z va\u0161ich dan\u00ed.<\/p><p>Za rok 2025 m\u00f4\u017eete pouk\u00e1za\u0165 V\u00e1\u0161 pr\u00edspevok z dane na\u0161ej partnerskej organiz\u00e1cii &#8220;Ob\u010dianske zdru\u017eenie Pre\u0161ovsk\u00e9 kol\u00e9gium&#8221;, ktor\u00e1 cel\u00fa sumu z 2% venuje n\u00e1\u0161mu zariadeniu.\u00a0<\/p><p>Na \u010do konkr\u00e9tne pou\u017e\u00edvame Va\u0161e pr\u00edspevky, sa naj\u013eah\u0161ie dozvete na na\u0161ej facebookovej str\u00e1nke.<\/p><h3>\u010eakujeme!<\/h3>\t\t\t\t\t\t\t\t<\/div>\n\t\t\t\t<\/div>\n\t\t\t\t<div class=\"elementor-element elementor-element-f649444 elementor-align-right elementor-widget elementor-widget-button\" data-id=\"f649444\" data-element_type=\"widget\" data-widget_type=\"button.default\">\n\t\t\t\t<div class=\"elementor-widget-container\">\n\t\t\t\t\t\t\t\t\t<div class=\"elementor-button-wrapper\">\n\t\t\t\t\t<a class=\"elementor-button elementor-button-link elementor-size-lg\" href=\"https:\/\/www.vdecav.sk\/diakonia\/wp-content\/uploads\/2026\/02\/DD-Elim-2-perc.-z-dane-za-rok-2025-1.pdf\">\n\t\t\t\t\t\t<span class=\"elementor-button-content-wrapper\">\n\t\t\t\t\t\t\t\t\t<span class=\"elementor-button-text\">Stiahni si tla\u010divo ku 2%<\/span>\n\t\t\t\t\t<\/span>\n\t\t\t\t\t<\/a>\n\t\t\t\t<\/div>\n\t\t\t\t\t\t\t\t<\/div>\n\t\t\t\t<\/div>\n\t\t\t\t\t<\/div>\n\t\t<\/div>\n\t\t\t\t<div class=\"elementor-column elementor-col-50 elementor-top-column elementor-element elementor-element-65848b3\" data-id=\"65848b3\" data-element_type=\"column\">\n\t\t\t<div class=\"elementor-widget-wrap elementor-element-populated\">\n\t\t\t\t\t\t<div class=\"elementor-element elementor-element-8f24376 elementor-widget elementor-widget-image\" data-id=\"8f24376\" data-element_type=\"widget\" data-widget_type=\"image.default\">\n\t\t\t\t<div class=\"elementor-widget-container\">\n\t\t\t\t\t\t\t\t\t\t\t\t\t\t\t<img fetchpriority=\"high\" decoding=\"async\" width=\"669\" height=\"995\" src=\"https:\/\/www.vdecav.sk\/diakonia\/wp-content\/uploads\/2026\/02\/2-percenta-za-2025-foto.jpg\" class=\"attachment-large size-large wp-image-2296\" alt=\"\" srcset=\"https:\/\/www.vdecav.sk\/diakonia\/wp-content\/uploads\/2026\/02\/2-percenta-za-2025-foto.jpg 669w, https:\/\/www.vdecav.sk\/diakonia\/wp-content\/uploads\/2026\/02\/2-percenta-za-2025-foto-202x300.jpg 202w\" sizes=\"(max-width: 669px) 100vw, 669px\" \/>\t\t\t\t\t\t\t\t\t\t\t\t\t\t\t<\/div>\n\t\t\t\t<\/div>\n\t\t\t\t\t<\/div>\n\t\t<\/div>\n\t\t\t\t\t<\/div>\n\t\t<\/section>\n\t\t\t\t<section class=\"elementor-section elementor-top-section elementor-element elementor-element-702e88b elementor-section-boxed elementor-section-height-default elementor-section-height-default\" data-id=\"702e88b\" data-element_type=\"section\">\n\t\t\t\t\t\t<div class=\"elementor-container elementor-column-gap-default\">\n\t\t\t\t\t<div class=\"elementor-column elementor-col-100 elementor-top-column elementor-element elementor-element-317a785\" data-id=\"317a785\" data-element_type=\"column\">\n\t\t\t<div class=\"elementor-widget-wrap elementor-element-populated\">\n\t\t\t\t\t\t<div class=\"elementor-element elementor-element-21b6d12 elementor-widget elementor-widget-spacer\" data-id=\"21b6d12\" data-element_type=\"widget\" data-widget_type=\"spacer.default\">\n\t\t\t\t<div class=\"elementor-widget-container\">\n\t\t\t\t\t\t\t<div class=\"elementor-spacer\">\n\t\t\t<div class=\"elementor-spacer-inner\"><\/div>\n\t\t<\/div>\n\t\t\t\t\t\t<\/div>\n\t\t\t\t<\/div>\n\t\t\t\t\t<\/div>\n\t\t<\/div>\n\t\t\t\t\t<\/div>\n\t\t<\/section>\n\t\t\t\t<\/div>\n\t\t","protected":false},"excerpt":{"rendered":"<p>Darujte 2% z dane V Elime sa sna\u017e\u00edme neust\u00e1le zlep\u0161ova\u0165 na\u0161e slu\u017eby a spr\u00edjem\u0148ova\u0165 \u017eivot na\u0161im prij\u00edmate\u013eom. Je to mo\u017en\u00e9 aj v\u010faka Va\u0161im pr\u00edspevkom. Budeme radi, ak na\u0161u pr\u00e1cu podpor\u00edte darovan\u00edm 2% z va\u0161ich dan\u00ed. Za rok 2025 m\u00f4\u017eete pouk\u00e1za\u0165 V\u00e1\u0161 pr\u00edspevok z dane na\u0161ej partnerskej organiz\u00e1cii &#8220;Ob\u010dianske zdru\u017eenie Pre\u0161ovsk\u00e9 kol\u00e9gium&#8221;, ktor\u00e1 cel\u00fa sumu z [&hellip;]<\/p>\n","protected":false},"author":1,"featured_media":0,"parent":0,"menu_order":0,"comment_status":"closed","ping_status":"closed","template":"elementor_canvas","meta":{"footnotes":""},"class_list":["post-1983","page","type-page","status-publish","hentry"],"yoast_head":"<!-- This site is optimized with the Yoast SEO plugin v24.7 - https:\/\/yoast.com\/wordpress\/plugins\/seo\/ -->\n<title>Darujte 2% z dane - Elim<\/title>\n<meta name=\"robots\" content=\"index, follow, max-snippet:-1, max-image-preview:large, max-video-preview:-1\" \/>\n<link rel=\"canonical\" href=\"https:\/\/www.vdecav.sk\/diakonia\/index.php\/darujte-2-z-dane\/\" \/>\n<meta property=\"og:locale\" content=\"en_US\" \/>\n<meta property=\"og:type\" content=\"article\" \/>\n<meta property=\"og:title\" content=\"Darujte 2% z dane - Elim\" \/>\n<meta property=\"og:description\" content=\"Darujte 2% z dane V Elime sa sna\u017e\u00edme neust\u00e1le zlep\u0161ova\u0165 na\u0161e slu\u017eby a spr\u00edjem\u0148ova\u0165 \u017eivot na\u0161im prij\u00edmate\u013eom. Je to mo\u017en\u00e9 aj v\u010faka Va\u0161im pr\u00edspevkom. Budeme radi, ak na\u0161u pr\u00e1cu podpor\u00edte darovan\u00edm 2% z va\u0161ich dan\u00ed. Za rok 2025 m\u00f4\u017eete pouk\u00e1za\u0165 V\u00e1\u0161 pr\u00edspevok z dane na\u0161ej partnerskej organiz\u00e1cii &#8220;Ob\u010dianske zdru\u017eenie Pre\u0161ovsk\u00e9 kol\u00e9gium&#8221;, ktor\u00e1 cel\u00fa sumu z [&hellip;]\" \/>\n<meta property=\"og:url\" content=\"https:\/\/www.vdecav.sk\/diakonia\/index.php\/darujte-2-z-dane\/\" \/>\n<meta property=\"og:site_name\" content=\"Elim\" \/>\n<meta property=\"article:modified_time\" content=\"2026-02-05T13:08:25+00:00\" \/>\n<meta property=\"og:image\" content=\"https:\/\/www.vdecav.sk\/diakonia\/wp-content\/uploads\/2026\/02\/2-percenta-za-2025-foto.jpg\" \/>\n\t<meta property=\"og:image:width\" content=\"669\" \/>\n\t<meta property=\"og:image:height\" content=\"995\" \/>\n\t<meta property=\"og:image:type\" content=\"image\/jpeg\" \/>\n<meta name=\"twitter:card\" content=\"summary_large_image\" \/>\n<meta name=\"twitter:label1\" content=\"Est. reading time\" \/>\n\t<meta name=\"twitter:data1\" content=\"1 minute\" \/>\n<script type=\"application\/ld+json\" class=\"yoast-schema-graph\">{\"@context\":\"https:\/\/schema.org\",\"@graph\":[{\"@type\":\"WebPage\",\"@id\":\"https:\/\/www.vdecav.sk\/diakonia\/index.php\/darujte-2-z-dane\/\",\"url\":\"https:\/\/www.vdecav.sk\/diakonia\/index.php\/darujte-2-z-dane\/\",\"name\":\"Darujte 2% z dane - Elim\",\"isPartOf\":{\"@id\":\"https:\/\/www.vdecav.sk\/diakonia\/#website\"},\"primaryImageOfPage\":{\"@id\":\"https:\/\/www.vdecav.sk\/diakonia\/index.php\/darujte-2-z-dane\/#primaryimage\"},\"image\":{\"@id\":\"https:\/\/www.vdecav.sk\/diakonia\/index.php\/darujte-2-z-dane\/#primaryimage\"},\"thumbnailUrl\":\"https:\/\/www.vdecav.sk\/diakonia\/wp-content\/uploads\/2026\/02\/2-percenta-za-2025-foto.jpg\",\"datePublished\":\"2023-11-15T20:09:14+00:00\",\"dateModified\":\"2026-02-05T13:08:25+00:00\",\"breadcrumb\":{\"@id\":\"https:\/\/www.vdecav.sk\/diakonia\/index.php\/darujte-2-z-dane\/#breadcrumb\"},\"inLanguage\":\"en-US\",\"potentialAction\":[{\"@type\":\"ReadAction\",\"target\":[\"https:\/\/www.vdecav.sk\/diakonia\/index.php\/darujte-2-z-dane\/\"]}]},{\"@type\":\"ImageObject\",\"inLanguage\":\"en-US\",\"@id\":\"https:\/\/www.vdecav.sk\/diakonia\/index.php\/darujte-2-z-dane\/#primaryimage\",\"url\":\"https:\/\/www.vdecav.sk\/diakonia\/wp-content\/uploads\/2026\/02\/2-percenta-za-2025-foto.jpg\",\"contentUrl\":\"https:\/\/www.vdecav.sk\/diakonia\/wp-content\/uploads\/2026\/02\/2-percenta-za-2025-foto.jpg\",\"width\":669,\"height\":995},{\"@type\":\"BreadcrumbList\",\"@id\":\"https:\/\/www.vdecav.sk\/diakonia\/index.php\/darujte-2-z-dane\/#breadcrumb\",\"itemListElement\":[{\"@type\":\"ListItem\",\"position\":1,\"name\":\"Home\",\"item\":\"https:\/\/www.vdecav.sk\/diakonia\/\"},{\"@type\":\"ListItem\",\"position\":2,\"name\":\"Darujte 2% z dane\"}]},{\"@type\":\"WebSite\",\"@id\":\"https:\/\/www.vdecav.sk\/diakonia\/#website\",\"url\":\"https:\/\/www.vdecav.sk\/diakonia\/\",\"name\":\"Elim\",\"description\":\"\",\"potentialAction\":[{\"@type\":\"SearchAction\",\"target\":{\"@type\":\"EntryPoint\",\"urlTemplate\":\"https:\/\/www.vdecav.sk\/diakonia\/?s={search_term_string}\"},\"query-input\":{\"@type\":\"PropertyValueSpecification\",\"valueRequired\":true,\"valueName\":\"search_term_string\"}}],\"inLanguage\":\"en-US\"}]}<\/script>\n<!-- \/ Yoast SEO plugin. -->","yoast_head_json":{"title":"Darujte 2% z dane - Elim","robots":{"index":"index","follow":"follow","max-snippet":"max-snippet:-1","max-image-preview":"max-image-preview:large","max-video-preview":"max-video-preview:-1"},"canonical":"https:\/\/www.vdecav.sk\/diakonia\/index.php\/darujte-2-z-dane\/","og_locale":"en_US","og_type":"article","og_title":"Darujte 2% z dane - Elim","og_description":"Darujte 2% z dane V Elime sa sna\u017e\u00edme neust\u00e1le zlep\u0161ova\u0165 na\u0161e slu\u017eby a spr\u00edjem\u0148ova\u0165 \u017eivot na\u0161im prij\u00edmate\u013eom. Je to mo\u017en\u00e9 aj v\u010faka Va\u0161im pr\u00edspevkom. Budeme radi, ak na\u0161u pr\u00e1cu podpor\u00edte darovan\u00edm 2% z va\u0161ich dan\u00ed. Za rok 2025 m\u00f4\u017eete pouk\u00e1za\u0165 V\u00e1\u0161 pr\u00edspevok z dane na\u0161ej partnerskej organiz\u00e1cii &#8220;Ob\u010dianske zdru\u017eenie Pre\u0161ovsk\u00e9 kol\u00e9gium&#8221;, ktor\u00e1 cel\u00fa sumu z [&hellip;]","og_url":"https:\/\/www.vdecav.sk\/diakonia\/index.php\/darujte-2-z-dane\/","og_site_name":"Elim","article_modified_time":"2026-02-05T13:08:25+00:00","og_image":[{"width":669,"height":995,"url":"https:\/\/www.vdecav.sk\/diakonia\/wp-content\/uploads\/2026\/02\/2-percenta-za-2025-foto.jpg","type":"image\/jpeg"}],"twitter_card":"summary_large_image","twitter_misc":{"Est. reading time":"1 minute"},"schema":{"@context":"https:\/\/schema.org","@graph":[{"@type":"WebPage","@id":"https:\/\/www.vdecav.sk\/diakonia\/index.php\/darujte-2-z-dane\/","url":"https:\/\/www.vdecav.sk\/diakonia\/index.php\/darujte-2-z-dane\/","name":"Darujte 2% z dane - Elim","isPartOf":{"@id":"https:\/\/www.vdecav.sk\/diakonia\/#website"},"primaryImageOfPage":{"@id":"https:\/\/www.vdecav.sk\/diakonia\/index.php\/darujte-2-z-dane\/#primaryimage"},"image":{"@id":"https:\/\/www.vdecav.sk\/diakonia\/index.php\/darujte-2-z-dane\/#primaryimage"},"thumbnailUrl":"https:\/\/www.vdecav.sk\/diakonia\/wp-content\/uploads\/2026\/02\/2-percenta-za-2025-foto.jpg","datePublished":"2023-11-15T20:09:14+00:00","dateModified":"2026-02-05T13:08:25+00:00","breadcrumb":{"@id":"https:\/\/www.vdecav.sk\/diakonia\/index.php\/darujte-2-z-dane\/#breadcrumb"},"inLanguage":"en-US","potentialAction":[{"@type":"ReadAction","target":["https:\/\/www.vdecav.sk\/diakonia\/index.php\/darujte-2-z-dane\/"]}]},{"@type":"ImageObject","inLanguage":"en-US","@id":"https:\/\/www.vdecav.sk\/diakonia\/index.php\/darujte-2-z-dane\/#primaryimage","url":"https:\/\/www.vdecav.sk\/diakonia\/wp-content\/uploads\/2026\/02\/2-percenta-za-2025-foto.jpg","contentUrl":"https:\/\/www.vdecav.sk\/diakonia\/wp-content\/uploads\/2026\/02\/2-percenta-za-2025-foto.jpg","width":669,"height":995},{"@type":"BreadcrumbList","@id":"https:\/\/www.vdecav.sk\/diakonia\/index.php\/darujte-2-z-dane\/#breadcrumb","itemListElement":[{"@type":"ListItem","position":1,"name":"Home","item":"https:\/\/www.vdecav.sk\/diakonia\/"},{"@type":"ListItem","position":2,"name":"Darujte 2% z dane"}]},{"@type":"WebSite","@id":"https:\/\/www.vdecav.sk\/diakonia\/#website","url":"https:\/\/www.vdecav.sk\/diakonia\/","name":"Elim","description":"","potentialAction":[{"@type":"SearchAction","target":{"@type":"EntryPoint","urlTemplate":"https:\/\/www.vdecav.sk\/diakonia\/?s={search_term_string}"},"query-input":{"@type":"PropertyValueSpecification","valueRequired":true,"valueName":"search_term_string"}}],"inLanguage":"en-US"}]}},"_links":{"self":[{"href":"https:\/\/www.vdecav.sk\/diakonia\/index.php\/wp-json\/wp\/v2\/pages\/1983","targetHints":{"allow":["GET"]}}],"collection":[{"href":"https:\/\/www.vdecav.sk\/diakonia\/index.php\/wp-json\/wp\/v2\/pages"}],"about":[{"href":"https:\/\/www.vdecav.sk\/diakonia\/index.php\/wp-json\/wp\/v2\/types\/page"}],"author":[{"embeddable":true,"href":"https:\/\/www.vdecav.sk\/diakonia\/index.php\/wp-json\/wp\/v2\/users\/1"}],"replies":[{"embeddable":true,"href":"https:\/\/www.vdecav.sk\/diakonia\/index.php\/wp-json\/wp\/v2\/comments?post=1983"}],"version-history":[{"count":18,"href":"https:\/\/www.vdecav.sk\/diakonia\/index.php\/wp-json\/wp\/v2\/pages\/1983\/revisions"}],"predecessor-version":[{"id":2299,"href":"https:\/\/www.vdecav.sk\/diakonia\/index.php\/wp-json\/wp\/v2\/pages\/1983\/revisions\/2299"}],"wp:attachment":[{"href":"https:\/\/www.vdecav.sk\/diakonia\/index.php\/wp-json\/wp\/v2\/media?parent=1983"}],"curies":[{"name":"wp","href":"https:\/\/api.w.org\/{rel}","templated":true}]}}