{"id":1971,"date":"2023-11-15T21:05:21","date_gmt":"2023-11-15T20:05:21","guid":{"rendered":"https:\/\/www.vdecav.sk\/diakonia\/?page_id=1971"},"modified":"2024-01-12T12:05:11","modified_gmt":"2024-01-12T11:05:11","slug":"historia-vzniku","status":"publish","type":"page","link":"https:\/\/www.vdecav.sk\/diakonia\/index.php\/historia-vzniku\/","title":{"rendered":"Hist\u00f3ria vzniku"},"content":{"rendered":"\t\t<div data-elementor-type=\"wp-page\" data-elementor-id=\"1971\" class=\"elementor elementor-1971\">\n\t\t\t\t\t\t<section class=\"elementor-section elementor-top-section elementor-element elementor-element-1bf745ba elementor-section-height-min-height elementor-section-boxed elementor-section-height-default elementor-section-items-middle\" data-id=\"1bf745ba\" data-element_type=\"section\" data-settings=\"{&quot;background_background&quot;:&quot;classic&quot;}\">\n\t\t\t\t\t\t<div class=\"elementor-container elementor-column-gap-default\">\n\t\t\t\t\t<div class=\"elementor-column elementor-col-100 elementor-top-column elementor-element elementor-element-5eeff87e\" data-id=\"5eeff87e\" data-element_type=\"column\">\n\t\t\t<div class=\"elementor-widget-wrap elementor-element-populated\">\n\t\t\t\t\t\t<div class=\"elementor-element elementor-element-25bad9a elementor-widget elementor-widget-page-title\" data-id=\"25bad9a\" data-element_type=\"widget\" data-widget_type=\"page-title.default\">\n\t\t\t\t<div class=\"elementor-widget-container\">\n\t\t\t\t\t\t\t\n\t\t<div class=\"hfe-page-title hfe-page-title-wrapper elementor-widget-heading\">\n\n\t\t\t\t\t\t\t\t\t\t\t<a href=\"https:\/\/www.vdecav.sk\/diakonia\">\n\t\t\t\t\t\t<h2 class=\"elementor-heading-title elementor-size-default\">\n\t\t\t\t\t\t\t\t\n\t\t\t\tHist\u00f3ria vzniku  \n\t\t\t<\/h2 > \n\t\t\t\t\t\t\t\t\t<\/a>\n\t\t\t\t\t<\/div>\n\t\t\t\t\t\t<\/div>\n\t\t\t\t<\/div>\n\t\t\t\t\t<\/div>\n\t\t<\/div>\n\t\t\t\t\t<\/div>\n\t\t<\/section>\n\t\t\t\t<section class=\"elementor-section elementor-top-section elementor-element elementor-element-2ded07a elementor-section-boxed elementor-section-height-default elementor-section-height-default\" data-id=\"2ded07a\" data-element_type=\"section\">\n\t\t\t\t\t\t<div class=\"elementor-container elementor-column-gap-default\">\n\t\t\t\t\t<div class=\"elementor-column elementor-col-100 elementor-top-column elementor-element elementor-element-2683a0d\" data-id=\"2683a0d\" data-element_type=\"column\">\n\t\t\t<div class=\"elementor-widget-wrap elementor-element-populated\">\n\t\t\t\t\t\t<div class=\"elementor-element elementor-element-02f45f5 elementor-widget elementor-widget-spacer\" data-id=\"02f45f5\" data-element_type=\"widget\" data-widget_type=\"spacer.default\">\n\t\t\t\t<div class=\"elementor-widget-container\">\n\t\t\t\t\t\t\t<div class=\"elementor-spacer\">\n\t\t\t<div class=\"elementor-spacer-inner\"><\/div>\n\t\t<\/div>\n\t\t\t\t\t\t<\/div>\n\t\t\t\t<\/div>\n\t\t\t\t\t<\/div>\n\t\t<\/div>\n\t\t\t\t\t<\/div>\n\t\t<\/section>\n\t\t\t\t<section class=\"elementor-section elementor-top-section elementor-element elementor-element-21fab51 elementor-section-boxed elementor-section-height-default elementor-section-height-default\" data-id=\"21fab51\" data-element_type=\"section\">\n\t\t\t\t\t\t<div class=\"elementor-container elementor-column-gap-default\">\n\t\t\t\t\t<div class=\"elementor-column elementor-col-100 elementor-top-column elementor-element elementor-element-552e820\" data-id=\"552e820\" data-element_type=\"column\">\n\t\t\t<div class=\"elementor-widget-wrap elementor-element-populated\">\n\t\t\t\t\t\t<div class=\"elementor-element elementor-element-51e9e65 elementor-widget elementor-widget-text-editor\" data-id=\"51e9e65\" data-element_type=\"widget\" data-widget_type=\"text-editor.default\">\n\t\t\t\t<div class=\"elementor-widget-container\">\n\t\t\t\t\t\t\t\t\t<p><span style=\"font-weight: 400;\">V\u00fdchodn\u00e9mu di\u0161triktu ECAV na Slovensku bola v re\u0161tit\u00facii vr\u00e1ten\u00e1 budova na Ba\u0161tovej ulici 21 v Pre\u0161ove, ktor\u00e1 bola pre\u0161ovsk\u00fdmi evanjelikmi v rokoch 1904-1905 postaven\u00e1 ako konvikt (stravov\u0148a) pre \u0161tudentov Evanjelick\u00e9ho kol\u00e9gia na z\u00e1klade architektonick\u00e9ho n\u00e1vrhu ko\u0161ick\u00fdch stavite\u013eov Gejzu Jakaba a Arp\u00e1da Jakaba. Budova bola postaven\u00e1 v secesnom architektonickom \u0161t\u00fdle s bohato vyzdoben\u00fdm prie\u010del\u00edm, ktor\u00e9 sa v ur\u010ditej miere zachovalo a\u017e do s\u00fa\u010dasnosti. Po\u010das u\u017e\u00edvania tejto budovy \u0161t\u00e1tom v dobe socializmu v nej s\u00eddlil intern\u00e1t hotelovej akad\u00e9mie.<\/span><\/p><p><span style=\"font-weight: 400;\">Na z\u00e1klade \u0161t\u00fadie a projektovej dokument\u00e1cie vypracovanej Ing. arch. Mari\u00e1nom Ferjom bola budova zrekon\u0161truovan\u00e1 v\u00a0rokoch 2020 \u2013 2022. Cel\u00e1 budova je po rekon\u0161trukcii bezbari\u00e9rov\u00e1, vybaven\u00e1 je v\u00fd\u0165ahom a dvoma schodiskami. Celkov\u00e1 kapacita pre ubytovanie klientov je 376 l\u00f4\u017eok.<\/span><\/p><p><span style=\"font-weight: 400;\">Vo dvore v\u00a0kr\u00e1tkom \u010dase vznikne ve\u013ek\u00e1 oddychov\u00e1 z\u00f3na, kde si klienti bud\u00fa m\u00f4c\u0165 vychutna\u0165 slne\u010dn\u00e9 l\u00fa\u010de, \u010di vo vyv\u00fd\u0161en\u00fdch z\u00e1honoch dopestova\u0165 bylinky na \u010daj alebo kvety.<\/span><\/p>\t\t\t\t\t\t\t\t<\/div>\n\t\t\t\t<\/div>\n\t\t\t\t\t<\/div>\n\t\t<\/div>\n\t\t\t\t\t<\/div>\n\t\t<\/section>\n\t\t\t\t<section class=\"elementor-section elementor-top-section elementor-element elementor-element-127a3e7 elementor-section-boxed elementor-section-height-default elementor-section-height-default\" data-id=\"127a3e7\" data-element_type=\"section\">\n\t\t\t\t\t\t<div class=\"elementor-container elementor-column-gap-default\">\n\t\t\t\t\t<div class=\"elementor-column elementor-col-50 elementor-top-column elementor-element elementor-element-843fcb5\" data-id=\"843fcb5\" data-element_type=\"column\">\n\t\t\t<div class=\"elementor-widget-wrap elementor-element-populated\">\n\t\t\t\t\t\t<div class=\"elementor-element elementor-element-13f5cb5 elementor-widget elementor-widget-image\" data-id=\"13f5cb5\" data-element_type=\"widget\" data-widget_type=\"image.default\">\n\t\t\t\t<div class=\"elementor-widget-container\">\n\t\t\t\t\t\t\t\t\t\t\t\t\t\t\t<img fetchpriority=\"high\" decoding=\"async\" width=\"800\" height=\"600\" src=\"https:\/\/www.vdecav.sk\/diakonia\/wp-content\/uploads\/2020\/06\/historia.jpg\" class=\"attachment-large size-large wp-image-1718\" alt=\"\" srcset=\"https:\/\/www.vdecav.sk\/diakonia\/wp-content\/uploads\/2020\/06\/historia.jpg 800w, https:\/\/www.vdecav.sk\/diakonia\/wp-content\/uploads\/2020\/06\/historia-300x225.jpg 300w, https:\/\/www.vdecav.sk\/diakonia\/wp-content\/uploads\/2020\/06\/historia-768x576.jpg 768w\" sizes=\"(max-width: 800px) 100vw, 800px\" \/>\t\t\t\t\t\t\t\t\t\t\t\t\t\t\t<\/div>\n\t\t\t\t<\/div>\n\t\t\t\t\t<\/div>\n\t\t<\/div>\n\t\t\t\t<div class=\"elementor-column elementor-col-50 elementor-top-column elementor-element elementor-element-09902c8\" data-id=\"09902c8\" data-element_type=\"column\">\n\t\t\t<div class=\"elementor-widget-wrap elementor-element-populated\">\n\t\t\t\t\t\t<div class=\"elementor-element elementor-element-b9bd23b elementor-widget elementor-widget-image\" data-id=\"b9bd23b\" data-element_type=\"widget\" data-widget_type=\"image.default\">\n\t\t\t\t<div class=\"elementor-widget-container\">\n\t\t\t\t\t\t\t\t\t\t\t\t\t\t\t<img decoding=\"async\" width=\"800\" height=\"600\" src=\"https:\/\/www.vdecav.sk\/diakonia\/wp-content\/uploads\/2020\/06\/stav.jpg\" class=\"attachment-large size-large wp-image-1719\" alt=\"\" srcset=\"https:\/\/www.vdecav.sk\/diakonia\/wp-content\/uploads\/2020\/06\/stav.jpg 800w, https:\/\/www.vdecav.sk\/diakonia\/wp-content\/uploads\/2020\/06\/stav-300x225.jpg 300w, https:\/\/www.vdecav.sk\/diakonia\/wp-content\/uploads\/2020\/06\/stav-768x576.jpg 768w\" sizes=\"(max-width: 800px) 100vw, 800px\" \/>\t\t\t\t\t\t\t\t\t\t\t\t\t\t\t<\/div>\n\t\t\t\t<\/div>\n\t\t\t\t\t<\/div>\n\t\t<\/div>\n\t\t\t\t\t<\/div>\n\t\t<\/section>\n\t\t\t\t<section class=\"elementor-section elementor-top-section elementor-element elementor-element-de74d44 elementor-section-boxed elementor-section-height-default elementor-section-height-default\" data-id=\"de74d44\" data-element_type=\"section\">\n\t\t\t\t\t\t<div class=\"elementor-container elementor-column-gap-default\">\n\t\t\t\t\t<div class=\"elementor-column elementor-col-50 elementor-top-column elementor-element elementor-element-2e251dc\" data-id=\"2e251dc\" data-element_type=\"column\">\n\t\t\t<div class=\"elementor-widget-wrap elementor-element-populated\">\n\t\t\t\t\t\t<div class=\"elementor-element elementor-element-6fd44b7 elementor-widget elementor-widget-image\" data-id=\"6fd44b7\" data-element_type=\"widget\" data-widget_type=\"image.default\">\n\t\t\t\t<div class=\"elementor-widget-container\">\n\t\t\t\t\t\t\t\t\t\t\t\t\t\t\t<img decoding=\"async\" width=\"300\" height=\"200\" src=\"https:\/\/www.vdecav.sk\/diakonia\/wp-content\/uploads\/2020\/06\/View-0_1-300x200-1.jpg\" class=\"attachment-large size-large wp-image-1520\" alt=\"\" \/>\t\t\t\t\t\t\t\t\t\t\t\t\t\t\t<\/div>\n\t\t\t\t<\/div>\n\t\t\t\t\t<\/div>\n\t\t<\/div>\n\t\t\t\t<div class=\"elementor-column elementor-col-50 elementor-top-column elementor-element elementor-element-3bcfdff\" data-id=\"3bcfdff\" data-element_type=\"column\">\n\t\t\t<div class=\"elementor-widget-wrap elementor-element-populated\">\n\t\t\t\t\t\t<div class=\"elementor-element elementor-element-eb846e3 elementor-widget elementor-widget-image\" data-id=\"eb846e3\" data-element_type=\"widget\" data-widget_type=\"image.default\">\n\t\t\t\t<div class=\"elementor-widget-container\">\n\t\t\t\t\t\t\t\t\t\t\t\t\t\t\t<img loading=\"lazy\" decoding=\"async\" width=\"800\" height=\"600\" src=\"https:\/\/www.vdecav.sk\/diakonia\/wp-content\/uploads\/2020\/06\/budova.jpg\" class=\"attachment-large size-large wp-image-1720\" alt=\"\" srcset=\"https:\/\/www.vdecav.sk\/diakonia\/wp-content\/uploads\/2020\/06\/budova.jpg 800w, https:\/\/www.vdecav.sk\/diakonia\/wp-content\/uploads\/2020\/06\/budova-300x225.jpg 300w, https:\/\/www.vdecav.sk\/diakonia\/wp-content\/uploads\/2020\/06\/budova-768x576.jpg 768w\" sizes=\"(max-width: 800px) 100vw, 800px\" \/>\t\t\t\t\t\t\t\t\t\t\t\t\t\t\t<\/div>\n\t\t\t\t<\/div>\n\t\t\t\t\t<\/div>\n\t\t<\/div>\n\t\t\t\t\t<\/div>\n\t\t<\/section>\n\t\t\t\t<section class=\"elementor-section elementor-top-section elementor-element elementor-element-56b02f1 elementor-section-boxed elementor-section-height-default elementor-section-height-default\" data-id=\"56b02f1\" data-element_type=\"section\">\n\t\t\t\t\t\t<div class=\"elementor-container elementor-column-gap-default\">\n\t\t\t\t\t<div class=\"elementor-column elementor-col-100 elementor-top-column elementor-element elementor-element-53d8323\" data-id=\"53d8323\" data-element_type=\"column\">\n\t\t\t<div class=\"elementor-widget-wrap elementor-element-populated\">\n\t\t\t\t\t\t<div class=\"elementor-element elementor-element-ec9d014 elementor-widget elementor-widget-spacer\" data-id=\"ec9d014\" data-element_type=\"widget\" data-widget_type=\"spacer.default\">\n\t\t\t\t<div class=\"elementor-widget-container\">\n\t\t\t\t\t\t\t<div class=\"elementor-spacer\">\n\t\t\t<div class=\"elementor-spacer-inner\"><\/div>\n\t\t<\/div>\n\t\t\t\t\t\t<\/div>\n\t\t\t\t<\/div>\n\t\t\t\t\t<\/div>\n\t\t<\/div>\n\t\t\t\t\t<\/div>\n\t\t<\/section>\n\t\t\t\t<\/div>\n\t\t","protected":false},"excerpt":{"rendered":"<p>Hist\u00f3ria vzniku V\u00fdchodn\u00e9mu di\u0161triktu ECAV na Slovensku bola v re\u0161tit\u00facii vr\u00e1ten\u00e1 budova na Ba\u0161tovej ulici 21 v Pre\u0161ove, ktor\u00e1 bola pre\u0161ovsk\u00fdmi evanjelikmi v rokoch 1904-1905 postaven\u00e1 ako konvikt (stravov\u0148a) pre \u0161tudentov Evanjelick\u00e9ho kol\u00e9gia na z\u00e1klade architektonick\u00e9ho n\u00e1vrhu ko\u0161ick\u00fdch stavite\u013eov Gejzu Jakaba a Arp\u00e1da Jakaba. Budova bola postaven\u00e1 v secesnom architektonickom \u0161t\u00fdle s bohato vyzdoben\u00fdm prie\u010del\u00edm, [&hellip;]<\/p>\n","protected":false},"author":1,"featured_media":0,"parent":0,"menu_order":0,"comment_status":"closed","ping_status":"closed","template":"elementor_canvas","meta":{"footnotes":""},"class_list":["post-1971","page","type-page","status-publish","hentry"],"yoast_head":"<!-- This site is optimized with the Yoast SEO plugin v24.7 - https:\/\/yoast.com\/wordpress\/plugins\/seo\/ -->\n<title>Hist\u00f3ria vzniku - Elim<\/title>\n<meta name=\"robots\" content=\"index, follow, max-snippet:-1, max-image-preview:large, max-video-preview:-1\" \/>\n<link rel=\"canonical\" href=\"https:\/\/www.vdecav.sk\/diakonia\/index.php\/historia-vzniku\/\" \/>\n<meta property=\"og:locale\" content=\"en_US\" \/>\n<meta property=\"og:type\" content=\"article\" \/>\n<meta property=\"og:title\" content=\"Hist\u00f3ria vzniku - Elim\" \/>\n<meta property=\"og:description\" content=\"Hist\u00f3ria vzniku V\u00fdchodn\u00e9mu di\u0161triktu ECAV na Slovensku bola v re\u0161tit\u00facii vr\u00e1ten\u00e1 budova na Ba\u0161tovej ulici 21 v Pre\u0161ove, ktor\u00e1 bola pre\u0161ovsk\u00fdmi evanjelikmi v rokoch 1904-1905 postaven\u00e1 ako konvikt (stravov\u0148a) pre \u0161tudentov Evanjelick\u00e9ho kol\u00e9gia na z\u00e1klade architektonick\u00e9ho n\u00e1vrhu ko\u0161ick\u00fdch stavite\u013eov Gejzu Jakaba a Arp\u00e1da Jakaba. Budova bola postaven\u00e1 v secesnom architektonickom \u0161t\u00fdle s bohato vyzdoben\u00fdm prie\u010del\u00edm, [&hellip;]\" \/>\n<meta property=\"og:url\" content=\"https:\/\/www.vdecav.sk\/diakonia\/index.php\/historia-vzniku\/\" \/>\n<meta property=\"og:site_name\" content=\"Elim\" \/>\n<meta property=\"article:modified_time\" content=\"2024-01-12T11:05:11+00:00\" \/>\n<meta property=\"og:image\" content=\"https:\/\/www.vdecav.sk\/diakonia\/wp-content\/uploads\/2020\/06\/historia.jpg\" \/>\n<meta name=\"twitter:card\" content=\"summary_large_image\" \/>\n<meta name=\"twitter:label1\" content=\"Est. reading time\" \/>\n\t<meta name=\"twitter:data1\" content=\"2 minutes\" \/>\n<script type=\"application\/ld+json\" class=\"yoast-schema-graph\">{\"@context\":\"https:\/\/schema.org\",\"@graph\":[{\"@type\":\"WebPage\",\"@id\":\"https:\/\/www.vdecav.sk\/diakonia\/index.php\/historia-vzniku\/\",\"url\":\"https:\/\/www.vdecav.sk\/diakonia\/index.php\/historia-vzniku\/\",\"name\":\"Hist\u00f3ria vzniku - Elim\",\"isPartOf\":{\"@id\":\"https:\/\/www.vdecav.sk\/diakonia\/#website\"},\"primaryImageOfPage\":{\"@id\":\"https:\/\/www.vdecav.sk\/diakonia\/index.php\/historia-vzniku\/#primaryimage\"},\"image\":{\"@id\":\"https:\/\/www.vdecav.sk\/diakonia\/index.php\/historia-vzniku\/#primaryimage\"},\"thumbnailUrl\":\"https:\/\/www.vdecav.sk\/diakonia\/wp-content\/uploads\/2020\/06\/historia.jpg\",\"datePublished\":\"2023-11-15T20:05:21+00:00\",\"dateModified\":\"2024-01-12T11:05:11+00:00\",\"breadcrumb\":{\"@id\":\"https:\/\/www.vdecav.sk\/diakonia\/index.php\/historia-vzniku\/#breadcrumb\"},\"inLanguage\":\"en-US\",\"potentialAction\":[{\"@type\":\"ReadAction\",\"target\":[\"https:\/\/www.vdecav.sk\/diakonia\/index.php\/historia-vzniku\/\"]}]},{\"@type\":\"ImageObject\",\"inLanguage\":\"en-US\",\"@id\":\"https:\/\/www.vdecav.sk\/diakonia\/index.php\/historia-vzniku\/#primaryimage\",\"url\":\"https:\/\/www.vdecav.sk\/diakonia\/wp-content\/uploads\/2020\/06\/historia.jpg\",\"contentUrl\":\"https:\/\/www.vdecav.sk\/diakonia\/wp-content\/uploads\/2020\/06\/historia.jpg\",\"width\":800,\"height\":600},{\"@type\":\"BreadcrumbList\",\"@id\":\"https:\/\/www.vdecav.sk\/diakonia\/index.php\/historia-vzniku\/#breadcrumb\",\"itemListElement\":[{\"@type\":\"ListItem\",\"position\":1,\"name\":\"Home\",\"item\":\"https:\/\/www.vdecav.sk\/diakonia\/\"},{\"@type\":\"ListItem\",\"position\":2,\"name\":\"Hist\u00f3ria vzniku\"}]},{\"@type\":\"WebSite\",\"@id\":\"https:\/\/www.vdecav.sk\/diakonia\/#website\",\"url\":\"https:\/\/www.vdecav.sk\/diakonia\/\",\"name\":\"Elim\",\"description\":\"\",\"potentialAction\":[{\"@type\":\"SearchAction\",\"target\":{\"@type\":\"EntryPoint\",\"urlTemplate\":\"https:\/\/www.vdecav.sk\/diakonia\/?s={search_term_string}\"},\"query-input\":{\"@type\":\"PropertyValueSpecification\",\"valueRequired\":true,\"valueName\":\"search_term_string\"}}],\"inLanguage\":\"en-US\"}]}<\/script>\n<!-- \/ Yoast SEO plugin. -->","yoast_head_json":{"title":"Hist\u00f3ria vzniku - Elim","robots":{"index":"index","follow":"follow","max-snippet":"max-snippet:-1","max-image-preview":"max-image-preview:large","max-video-preview":"max-video-preview:-1"},"canonical":"https:\/\/www.vdecav.sk\/diakonia\/index.php\/historia-vzniku\/","og_locale":"en_US","og_type":"article","og_title":"Hist\u00f3ria vzniku - Elim","og_description":"Hist\u00f3ria vzniku V\u00fdchodn\u00e9mu di\u0161triktu ECAV na Slovensku bola v re\u0161tit\u00facii vr\u00e1ten\u00e1 budova na Ba\u0161tovej ulici 21 v Pre\u0161ove, ktor\u00e1 bola pre\u0161ovsk\u00fdmi evanjelikmi v rokoch 1904-1905 postaven\u00e1 ako konvikt (stravov\u0148a) pre \u0161tudentov Evanjelick\u00e9ho kol\u00e9gia na z\u00e1klade architektonick\u00e9ho n\u00e1vrhu ko\u0161ick\u00fdch stavite\u013eov Gejzu Jakaba a Arp\u00e1da Jakaba. Budova bola postaven\u00e1 v secesnom architektonickom \u0161t\u00fdle s bohato vyzdoben\u00fdm prie\u010del\u00edm, [&hellip;]","og_url":"https:\/\/www.vdecav.sk\/diakonia\/index.php\/historia-vzniku\/","og_site_name":"Elim","article_modified_time":"2024-01-12T11:05:11+00:00","og_image":[{"url":"https:\/\/www.vdecav.sk\/diakonia\/wp-content\/uploads\/2020\/06\/historia.jpg","type":"","width":"","height":""}],"twitter_card":"summary_large_image","twitter_misc":{"Est. reading time":"2 minutes"},"schema":{"@context":"https:\/\/schema.org","@graph":[{"@type":"WebPage","@id":"https:\/\/www.vdecav.sk\/diakonia\/index.php\/historia-vzniku\/","url":"https:\/\/www.vdecav.sk\/diakonia\/index.php\/historia-vzniku\/","name":"Hist\u00f3ria vzniku - Elim","isPartOf":{"@id":"https:\/\/www.vdecav.sk\/diakonia\/#website"},"primaryImageOfPage":{"@id":"https:\/\/www.vdecav.sk\/diakonia\/index.php\/historia-vzniku\/#primaryimage"},"image":{"@id":"https:\/\/www.vdecav.sk\/diakonia\/index.php\/historia-vzniku\/#primaryimage"},"thumbnailUrl":"https:\/\/www.vdecav.sk\/diakonia\/wp-content\/uploads\/2020\/06\/historia.jpg","datePublished":"2023-11-15T20:05:21+00:00","dateModified":"2024-01-12T11:05:11+00:00","breadcrumb":{"@id":"https:\/\/www.vdecav.sk\/diakonia\/index.php\/historia-vzniku\/#breadcrumb"},"inLanguage":"en-US","potentialAction":[{"@type":"ReadAction","target":["https:\/\/www.vdecav.sk\/diakonia\/index.php\/historia-vzniku\/"]}]},{"@type":"ImageObject","inLanguage":"en-US","@id":"https:\/\/www.vdecav.sk\/diakonia\/index.php\/historia-vzniku\/#primaryimage","url":"https:\/\/www.vdecav.sk\/diakonia\/wp-content\/uploads\/2020\/06\/historia.jpg","contentUrl":"https:\/\/www.vdecav.sk\/diakonia\/wp-content\/uploads\/2020\/06\/historia.jpg","width":800,"height":600},{"@type":"BreadcrumbList","@id":"https:\/\/www.vdecav.sk\/diakonia\/index.php\/historia-vzniku\/#breadcrumb","itemListElement":[{"@type":"ListItem","position":1,"name":"Home","item":"https:\/\/www.vdecav.sk\/diakonia\/"},{"@type":"ListItem","position":2,"name":"Hist\u00f3ria vzniku"}]},{"@type":"WebSite","@id":"https:\/\/www.vdecav.sk\/diakonia\/#website","url":"https:\/\/www.vdecav.sk\/diakonia\/","name":"Elim","description":"","potentialAction":[{"@type":"SearchAction","target":{"@type":"EntryPoint","urlTemplate":"https:\/\/www.vdecav.sk\/diakonia\/?s={search_term_string}"},"query-input":{"@type":"PropertyValueSpecification","valueRequired":true,"valueName":"search_term_string"}}],"inLanguage":"en-US"}]}},"_links":{"self":[{"href":"https:\/\/www.vdecav.sk\/diakonia\/index.php\/wp-json\/wp\/v2\/pages\/1971","targetHints":{"allow":["GET"]}}],"collection":[{"href":"https:\/\/www.vdecav.sk\/diakonia\/index.php\/wp-json\/wp\/v2\/pages"}],"about":[{"href":"https:\/\/www.vdecav.sk\/diakonia\/index.php\/wp-json\/wp\/v2\/types\/page"}],"author":[{"embeddable":true,"href":"https:\/\/www.vdecav.sk\/diakonia\/index.php\/wp-json\/wp\/v2\/users\/1"}],"replies":[{"embeddable":true,"href":"https:\/\/www.vdecav.sk\/diakonia\/index.php\/wp-json\/wp\/v2\/comments?post=1971"}],"version-history":[{"count":6,"href":"https:\/\/www.vdecav.sk\/diakonia\/index.php\/wp-json\/wp\/v2\/pages\/1971\/revisions"}],"predecessor-version":[{"id":2182,"href":"https:\/\/www.vdecav.sk\/diakonia\/index.php\/wp-json\/wp\/v2\/pages\/1971\/revisions\/2182"}],"wp:attachment":[{"href":"https:\/\/www.vdecav.sk\/diakonia\/index.php\/wp-json\/wp\/v2\/media?parent=1971"}],"curies":[{"name":"wp","href":"https:\/\/api.w.org\/{rel}","templated":true}]}}